{"id":697,"date":"2016-03-31T14:08:59","date_gmt":"2016-03-31T14:08:59","guid":{"rendered":"https:\/\/rentacarcube.com\/vehicles\/"},"modified":"2024-11-26T08:20:51","modified_gmt":"2024-11-26T08:20:51","slug":"automobili","status":"publish","type":"page","link":"https:\/\/rentacarcube.com\/sr\/automobili\/","title":{"rendered":"Automobili"},"content":{"rendered":"\n\n  <div class=\"banner has-hover\" id=\"banner-1750900119\">\n          <div class=\"banner-inner fill\">\n        <div class=\"banner-bg fill\" >\n            <div class=\"bg fill bg-fill \"><\/div>\n                        <div class=\"overlay\"><\/div>            \n                    <\/div><!-- bg-layers -->\n        <div class=\"banner-layers container\">\n            <div class=\"fill banner-link\"><\/div>            \n\n   <div id=\"text-box-2033636016\" class=\"text-box banner-layer x50 md-x50 lg-x50 y50 md-y50 lg-y50 res-text\">\n                                <div class=\"text \">\n              \n              <div class=\"text-inner text-center\">\n                  \n\n<h3 class=\"uppercase\"><strong>Automobili<\/strong><\/h3>\n<p>Rent a car Beograd<\/p>\n<div class=\"is-divider divider clearfix\" style=\"max-width:67px;height:5px;background-color:rgb(0, 204, 110);\"><\/div><!-- .divider -->\n\n\n              <\/div>\n           <\/div><!-- text-box-inner -->\n                            \n<style scope=\"scope\">\n\n#text-box-2033636016 {\n  width: 60%;\n}\n#text-box-2033636016 .text {\n  font-size: 100%;\n}\n<\/style>\n    <\/div><!-- text-box -->\n \n\n        <\/div><!-- .banner-layers -->\n      <\/div><!-- .banner-inner -->\n\n            \n<style scope=\"scope\">\n\n#banner-1750900119 {\n  padding-top: 200px;\n  background-color: rgba(0, 204, 110, 0.31);\n}\n#banner-1750900119 .bg.bg-loaded {\n  background-image: url(https:\/\/rentacarcube.com\/wp-content\/uploads\/2019\/06\/rentacar-beograd-iznajmljivanje-automobila.jpg);\n}\n#banner-1750900119 .overlay {\n  background-color: rgba(218, 255, 238, 0.88);\n}\n#banner-1750900119 .bg {\n  background-position: 50% 59%;\n}\n<\/style>\n  <\/div><!-- .banner -->\n\n\n<div class=\"container section-title-container section-title-green\" ><h3 class=\"section-title section-title-bold-center\"><b><\/b><span class=\"section-title-main\" >Izbor kategorije automobila<\/span><b><\/b><\/h3><\/div><!-- .section-title -->\n\n<div id=\"portfolio-750722176\" class=\"portfolio-element-wrapper has-filtering\">  <div class=\"container mb-half\">\n  <ul class=\"nav nav-true nav-center nav-outline nav-uppercase filter-nav\">\n    <li class=\"active\"><a href=\"#\" data-filter=\"[data-id]\">Sve<\/a><\/li>\n    <li><a href=\"#\" data-filter=\"[data-id*='He\u010dbek']\">He\u010dbek<\/a><\/li><li><a href=\"#\" data-filter=\"[data-id*='Kombi']\">Kombi<\/a><\/li><li><a href=\"#\" data-filter=\"[data-id*='Krosover']\">Krosover<\/a><\/li><li><a href=\"#\" data-filter=\"[data-id*='Limuzina']\">Limuzina<\/a><\/li>  <\/ul>\n  <\/div>\n  \n  \n    <div id=\"portfolio-750722176\" class=\"row row-isotope large-columns-4 medium-columns- small-columns-2 row-small row-masonry\" data-packery-options='{\"itemSelector\": \".col\", \"gutter\": 0, \"presentageWidth\" : true}'>\n\n              <div class=\"col\" data-id=\"He\u010dbek\" >\n          <div class=\"col-inner\" >\n          <a href=\"https:\/\/rentacarcube.com\/sr\/vehicles\/hecbek\/skoda-citigo\/\" class=\"plain cube-url 758 \">\n          <div class=\"portfolio-box box has-hover box-label\">\n            <div class=\"box-image\" >\n                <div class=\"image-overlay-add-50 image-zoom image-cover\" style=\"padding-top:100%;\">\n                <img loading=\"lazy\" decoding=\"async\" width=\"400\" height=\"400\" src=\"https:\/\/rentacarcube.com\/wp-content\/uploads\/2016\/08\/skoda-citigo-400x400.jpg\" class=\"attachment-medium size-medium\" alt=\"\u0160koda Citigo\" srcset=\"https:\/\/rentacarcube.com\/wp-content\/uploads\/2016\/08\/skoda-citigo-400x400.jpg 400w, https:\/\/rentacarcube.com\/wp-content\/uploads\/2016\/08\/skoda-citigo-280x280.jpg 280w, https:\/\/rentacarcube.com\/wp-content\/uploads\/2016\/08\/skoda-citigo-768x768.jpg 768w, https:\/\/rentacarcube.com\/wp-content\/uploads\/2016\/08\/skoda-citigo.jpg 800w\" sizes=\"auto, (max-width: 400px) 100vw, 400px\" title=\"\">                                                <\/div>\n            <\/div><!-- box-image -->\n            <div class=\"box-text text-center is-small\" >\n                  <div class=\"box-text-inner\">\n                      <h6 class=\"uppercase portfolio-box-title\">\u0160koda Citigo<\/h6>\n                                        <\/div><!-- box-text-inner -->\n            <\/div><!-- box-text -->\n           <\/div><!-- .box  -->\n           <\/a>\n           <\/div><!-- .col-inner -->\n           <\/div><!-- .col -->\n                    <div class=\"col\" data-id=\"He\u010dbek\" >\n          <div class=\"col-inner\" >\n          <a href=\"https:\/\/rentacarcube.com\/sr\/vehicles\/hecbek\/renault-twingo\/\" class=\"plain cube-url 754 \">\n          <div class=\"portfolio-box box has-hover box-label\">\n            <div class=\"box-image\" >\n                <div class=\"image-overlay-add-50 image-zoom image-cover\" style=\"padding-top:100%;\">\n                <img loading=\"lazy\" decoding=\"async\" width=\"400\" height=\"400\" src=\"https:\/\/rentacarcube.com\/wp-content\/uploads\/2016\/08\/renault-twingo-1-400x400.jpg\" class=\"attachment-medium size-medium\" alt=\"Renault Twingo\" srcset=\"https:\/\/rentacarcube.com\/wp-content\/uploads\/2016\/08\/renault-twingo-1-400x400.jpg 400w, https:\/\/rentacarcube.com\/wp-content\/uploads\/2016\/08\/renault-twingo-1-280x280.jpg 280w, https:\/\/rentacarcube.com\/wp-content\/uploads\/2016\/08\/renault-twingo-1-768x768.jpg 768w, https:\/\/rentacarcube.com\/wp-content\/uploads\/2016\/08\/renault-twingo-1.jpg 800w\" sizes=\"auto, (max-width: 400px) 100vw, 400px\" title=\"\">                                                <\/div>\n            <\/div><!-- box-image -->\n            <div class=\"box-text text-center is-small\" >\n                  <div class=\"box-text-inner\">\n                      <h6 class=\"uppercase portfolio-box-title\">Renault Twingo<\/h6>\n                                        <\/div><!-- box-text-inner -->\n            <\/div><!-- box-text -->\n           <\/div><!-- .box  -->\n           <\/a>\n           <\/div><!-- .col-inner -->\n           <\/div><!-- .col -->\n                    <div class=\"col\" data-id=\"He\u010dbek\" >\n          <div class=\"col-inner\" >\n          <a href=\"https:\/\/rentacarcube.com\/sr\/vehicles\/hecbek\/fiat-500\/\" class=\"plain cube-url 711 \">\n          <div class=\"portfolio-box box has-hover box-label\">\n            <div class=\"box-image\" >\n                <div class=\"image-overlay-add-50 image-zoom image-cover\" style=\"padding-top:100%;\">\n                <img loading=\"lazy\" decoding=\"async\" width=\"400\" height=\"400\" src=\"https:\/\/rentacarcube.com\/wp-content\/uploads\/2016\/08\/fiat-500-400x400.jpg\" class=\"attachment-medium size-medium\" alt=\"Fiat 500\" srcset=\"https:\/\/rentacarcube.com\/wp-content\/uploads\/2016\/08\/fiat-500-400x400.jpg 400w, https:\/\/rentacarcube.com\/wp-content\/uploads\/2016\/08\/fiat-500-280x280.jpg 280w, https:\/\/rentacarcube.com\/wp-content\/uploads\/2016\/08\/fiat-500-768x768.jpg 768w, https:\/\/rentacarcube.com\/wp-content\/uploads\/2016\/08\/fiat-500.jpg 800w\" sizes=\"auto, (max-width: 400px) 100vw, 400px\" title=\"\">                                                <\/div>\n            <\/div><!-- box-image -->\n            <div class=\"box-text text-center is-small\" >\n                  <div class=\"box-text-inner\">\n                      <h6 class=\"uppercase portfolio-box-title\">Fiat 500<\/h6>\n                                        <\/div><!-- box-text-inner -->\n            <\/div><!-- box-text -->\n           <\/div><!-- .box  -->\n           <\/a>\n           <\/div><!-- .col-inner -->\n           <\/div><!-- .col -->\n                    <div class=\"col\" data-id=\"He\u010dbek\" >\n          <div class=\"col-inner\" >\n          <a href=\"https:\/\/rentacarcube.com\/sr\/vehicles\/hecbek\/fiat-panda\/\" class=\"plain cube-url 717 \">\n          <div class=\"portfolio-box box has-hover box-label\">\n            <div class=\"box-image\" >\n                <div class=\"image-overlay-add-50 image-zoom image-cover\" style=\"padding-top:100%;\">\n                <img loading=\"lazy\" decoding=\"async\" width=\"400\" height=\"400\" src=\"https:\/\/rentacarcube.com\/wp-content\/uploads\/2016\/08\/fiat-panda-400x400.jpg\" class=\"attachment-medium size-medium\" alt=\"rent a car\" srcset=\"https:\/\/rentacarcube.com\/wp-content\/uploads\/2016\/08\/fiat-panda-400x400.jpg 400w, https:\/\/rentacarcube.com\/wp-content\/uploads\/2016\/08\/fiat-panda-280x280.jpg 280w, https:\/\/rentacarcube.com\/wp-content\/uploads\/2016\/08\/fiat-panda-768x768.jpg 768w, https:\/\/rentacarcube.com\/wp-content\/uploads\/2016\/08\/fiat-panda.jpg 800w\" sizes=\"auto, (max-width: 400px) 100vw, 400px\" title=\"\">                                                <\/div>\n            <\/div><!-- box-image -->\n            <div class=\"box-text text-center is-small\" >\n                  <div class=\"box-text-inner\">\n                      <h6 class=\"uppercase portfolio-box-title\">Fiat Panda<\/h6>\n                                        <\/div><!-- box-text-inner -->\n            <\/div><!-- box-text -->\n           <\/div><!-- .box  -->\n           <\/a>\n           <\/div><!-- .col-inner -->\n           <\/div><!-- .col -->\n                    <div class=\"col\" data-id=\"He\u010dbek\" >\n          <div class=\"col-inner\" >\n          <a href=\"https:\/\/rentacarcube.com\/sr\/vehicles\/hecbek\/smart-fortwo\/\" class=\"plain cube-url 773 \">\n          <div class=\"portfolio-box box has-hover box-label\">\n            <div class=\"box-image\" >\n                <div class=\"image-overlay-add-50 image-zoom image-cover\" style=\"padding-top:100%;\">\n                <img loading=\"lazy\" decoding=\"async\" width=\"400\" height=\"400\" src=\"https:\/\/rentacarcube.com\/wp-content\/uploads\/2019\/06\/smart-fortwo-400x400.jpg\" class=\"attachment-medium size-medium\" alt=\"rent a car\" srcset=\"https:\/\/rentacarcube.com\/wp-content\/uploads\/2019\/06\/smart-fortwo-400x400.jpg 400w, https:\/\/rentacarcube.com\/wp-content\/uploads\/2019\/06\/smart-fortwo-280x280.jpg 280w, https:\/\/rentacarcube.com\/wp-content\/uploads\/2019\/06\/smart-fortwo-768x768.jpg 768w, https:\/\/rentacarcube.com\/wp-content\/uploads\/2019\/06\/smart-fortwo.jpg 800w\" sizes=\"auto, (max-width: 400px) 100vw, 400px\" title=\"\">                                                <\/div>\n            <\/div><!-- box-image -->\n            <div class=\"box-text text-center is-small\" >\n                  <div class=\"box-text-inner\">\n                      <h6 class=\"uppercase portfolio-box-title\">Smart ForTwo<\/h6>\n                                        <\/div><!-- box-text-inner -->\n            <\/div><!-- box-text -->\n           <\/div><!-- .box  -->\n           <\/a>\n           <\/div><!-- .col-inner -->\n           <\/div><!-- .col -->\n                    <div class=\"col\" data-id=\"He\u010dbek\" >\n          <div class=\"col-inner\" >\n          <a href=\"https:\/\/rentacarcube.com\/sr\/vehicles\/hecbek\/hyundai-i10\/\" class=\"plain cube-url 726 \">\n          <div class=\"portfolio-box box has-hover box-label\">\n            <div class=\"box-image\" >\n                <div class=\"image-overlay-add-50 image-zoom image-cover\" style=\"padding-top:100%;\">\n                <img loading=\"lazy\" decoding=\"async\" width=\"400\" height=\"400\" src=\"https:\/\/rentacarcube.com\/wp-content\/uploads\/2019\/06\/hyundai-i10-400x400.jpg\" class=\"attachment-medium size-medium\" alt=\"rent a car\" srcset=\"https:\/\/rentacarcube.com\/wp-content\/uploads\/2019\/06\/hyundai-i10-400x400.jpg 400w, https:\/\/rentacarcube.com\/wp-content\/uploads\/2019\/06\/hyundai-i10-280x280.jpg 280w, https:\/\/rentacarcube.com\/wp-content\/uploads\/2019\/06\/hyundai-i10-768x768.jpg 768w, https:\/\/rentacarcube.com\/wp-content\/uploads\/2019\/06\/hyundai-i10.jpg 800w\" sizes=\"auto, (max-width: 400px) 100vw, 400px\" title=\"\">                                                <\/div>\n            <\/div><!-- box-image -->\n            <div class=\"box-text text-center is-small\" >\n                  <div class=\"box-text-inner\">\n                      <h6 class=\"uppercase portfolio-box-title\">Hyundai i10<\/h6>\n                                        <\/div><!-- box-text-inner -->\n            <\/div><!-- box-text -->\n           <\/div><!-- .box  -->\n           <\/a>\n           <\/div><!-- .col-inner -->\n           <\/div><!-- .col -->\n                    <div class=\"col\" data-id=\"He\u010dbek\" >\n          <div class=\"col-inner\" >\n          <a href=\"https:\/\/rentacarcube.com\/sr\/vehicles\/hecbek\/skoda-fabia\/\" class=\"plain cube-url 761 \">\n          <div class=\"portfolio-box box has-hover box-label\">\n            <div class=\"box-image\" >\n                <div class=\"image-overlay-add-50 image-zoom image-cover\" style=\"padding-top:100%;\">\n                <img loading=\"lazy\" decoding=\"async\" width=\"400\" height=\"400\" src=\"https:\/\/rentacarcube.com\/wp-content\/uploads\/2019\/06\/skoda-fabia-400x400.jpg\" class=\"attachment-medium size-medium\" alt=\"rent a car\" srcset=\"https:\/\/rentacarcube.com\/wp-content\/uploads\/2019\/06\/skoda-fabia-400x400.jpg 400w, https:\/\/rentacarcube.com\/wp-content\/uploads\/2019\/06\/skoda-fabia-280x280.jpg 280w, https:\/\/rentacarcube.com\/wp-content\/uploads\/2019\/06\/skoda-fabia-768x768.jpg 768w, https:\/\/rentacarcube.com\/wp-content\/uploads\/2019\/06\/skoda-fabia.jpg 800w\" sizes=\"auto, (max-width: 400px) 100vw, 400px\" title=\"\">                                                <\/div>\n            <\/div><!-- box-image -->\n            <div class=\"box-text text-center is-small\" >\n                  <div class=\"box-text-inner\">\n                      <h6 class=\"uppercase portfolio-box-title\">\u0160koda Fabia<\/h6>\n                                        <\/div><!-- box-text-inner -->\n            <\/div><!-- box-text -->\n           <\/div><!-- .box  -->\n           <\/a>\n           <\/div><!-- .col-inner -->\n           <\/div><!-- .col -->\n                    <div class=\"col\" data-id=\"He\u010dbek\" >\n          <div class=\"col-inner\" >\n          <a href=\"https:\/\/rentacarcube.com\/sr\/vehicles\/hecbek\/renault-clio\/\" class=\"plain cube-url 748 \">\n          <div class=\"portfolio-box box has-hover box-label\">\n            <div class=\"box-image\" >\n                <div class=\"image-overlay-add-50 image-zoom image-cover\" style=\"padding-top:100%;\">\n                <img loading=\"lazy\" decoding=\"async\" width=\"400\" height=\"400\" src=\"https:\/\/rentacarcube.com\/wp-content\/uploads\/2019\/06\/renault-clio-400x400.jpg\" class=\"attachment-medium size-medium\" alt=\"rent a car\" srcset=\"https:\/\/rentacarcube.com\/wp-content\/uploads\/2019\/06\/renault-clio-400x400.jpg 400w, https:\/\/rentacarcube.com\/wp-content\/uploads\/2019\/06\/renault-clio-280x280.jpg 280w, https:\/\/rentacarcube.com\/wp-content\/uploads\/2019\/06\/renault-clio-768x768.jpg 768w, https:\/\/rentacarcube.com\/wp-content\/uploads\/2019\/06\/renault-clio.jpg 800w\" sizes=\"auto, (max-width: 400px) 100vw, 400px\" title=\"\">                                                <\/div>\n            <\/div><!-- box-image -->\n            <div class=\"box-text text-center is-small\" >\n                  <div class=\"box-text-inner\">\n                      <h6 class=\"uppercase portfolio-box-title\">Renault Clio<\/h6>\n                                        <\/div><!-- box-text-inner -->\n            <\/div><!-- box-text -->\n           <\/div><!-- .box  -->\n           <\/a>\n           <\/div><!-- .col-inner -->\n           <\/div><!-- .col -->\n                    <div class=\"col\" data-id=\"He\u010dbek\" >\n          <div class=\"col-inner\" >\n          <a href=\"https:\/\/rentacarcube.com\/sr\/vehicles\/hecbek\/vw-polo\/\" class=\"plain cube-url 785 \">\n          <div class=\"portfolio-box box has-hover box-label\">\n            <div class=\"box-image\" >\n                <div class=\"image-overlay-add-50 image-zoom image-cover\" style=\"padding-top:100%;\">\n                <img loading=\"lazy\" decoding=\"async\" width=\"400\" height=\"400\" src=\"https:\/\/rentacarcube.com\/wp-content\/uploads\/2019\/06\/vw-polo-400x400.jpg\" class=\"attachment-medium size-medium\" alt=\"rent a car\" srcset=\"https:\/\/rentacarcube.com\/wp-content\/uploads\/2019\/06\/vw-polo-400x400.jpg 400w, https:\/\/rentacarcube.com\/wp-content\/uploads\/2019\/06\/vw-polo-280x280.jpg 280w, https:\/\/rentacarcube.com\/wp-content\/uploads\/2019\/06\/vw-polo-768x768.jpg 768w, https:\/\/rentacarcube.com\/wp-content\/uploads\/2019\/06\/vw-polo.jpg 800w\" sizes=\"auto, (max-width: 400px) 100vw, 400px\" title=\"\">                                                <\/div>\n            <\/div><!-- box-image -->\n            <div class=\"box-text text-center is-small\" >\n                  <div class=\"box-text-inner\">\n                      <h6 class=\"uppercase portfolio-box-title\">VW Polo<\/h6>\n                                        <\/div><!-- box-text-inner -->\n            <\/div><!-- box-text -->\n           <\/div><!-- .box  -->\n           <\/a>\n           <\/div><!-- .col-inner -->\n           <\/div><!-- .col -->\n                    <div class=\"col\" data-id=\"He\u010dbek\" >\n          <div class=\"col-inner\" >\n          <a href=\"https:\/\/rentacarcube.com\/sr\/vehicles\/hecbek\/toyota-yaris\/\" class=\"plain cube-url 779 \">\n          <div class=\"portfolio-box box has-hover box-label\">\n            <div class=\"box-image\" >\n                <div class=\"image-overlay-add-50 image-zoom image-cover\" style=\"padding-top:100%;\">\n                <img loading=\"lazy\" decoding=\"async\" width=\"400\" height=\"400\" src=\"https:\/\/rentacarcube.com\/wp-content\/uploads\/2019\/06\/toyota-yaris-400x400.jpg\" class=\"attachment-medium size-medium\" alt=\"rent a car\" srcset=\"https:\/\/rentacarcube.com\/wp-content\/uploads\/2019\/06\/toyota-yaris-400x400.jpg 400w, https:\/\/rentacarcube.com\/wp-content\/uploads\/2019\/06\/toyota-yaris-280x280.jpg 280w, https:\/\/rentacarcube.com\/wp-content\/uploads\/2019\/06\/toyota-yaris-768x768.jpg 768w, https:\/\/rentacarcube.com\/wp-content\/uploads\/2019\/06\/toyota-yaris.jpg 800w\" sizes=\"auto, (max-width: 400px) 100vw, 400px\" title=\"\">                                                <\/div>\n            <\/div><!-- box-image -->\n            <div class=\"box-text text-center is-small\" >\n                  <div class=\"box-text-inner\">\n                      <h6 class=\"uppercase portfolio-box-title\">Toyota Yaris<\/h6>\n                                        <\/div><!-- box-text-inner -->\n            <\/div><!-- box-text -->\n           <\/div><!-- .box  -->\n           <\/a>\n           <\/div><!-- .col-inner -->\n           <\/div><!-- .col -->\n                    <div class=\"col\" data-id=\"Kombi\" >\n          <div class=\"col-inner\" >\n          <a href=\"https:\/\/rentacarcube.com\/sr\/vehicles\/kombi\/fiat-500l\/\" class=\"plain cube-url 714 \">\n          <div class=\"portfolio-box box has-hover box-label\">\n            <div class=\"box-image\" >\n                <div class=\"image-overlay-add-50 image-zoom image-cover\" style=\"padding-top:100%;\">\n                <img loading=\"lazy\" decoding=\"async\" width=\"400\" height=\"400\" src=\"https:\/\/rentacarcube.com\/wp-content\/uploads\/2019\/06\/fiat-500L-400x400.jpg\" class=\"attachment-medium size-medium\" alt=\"rent a car\" srcset=\"https:\/\/rentacarcube.com\/wp-content\/uploads\/2019\/06\/fiat-500L-400x400.jpg 400w, https:\/\/rentacarcube.com\/wp-content\/uploads\/2019\/06\/fiat-500L-280x280.jpg 280w, https:\/\/rentacarcube.com\/wp-content\/uploads\/2019\/06\/fiat-500L-768x768.jpg 768w, https:\/\/rentacarcube.com\/wp-content\/uploads\/2019\/06\/fiat-500L.jpg 800w\" sizes=\"auto, (max-width: 400px) 100vw, 400px\" title=\"\">                                                <\/div>\n            <\/div><!-- box-image -->\n            <div class=\"box-text text-center is-small\" >\n                  <div class=\"box-text-inner\">\n                      <h6 class=\"uppercase portfolio-box-title\">Fiat 500L<\/h6>\n                                        <\/div><!-- box-text-inner -->\n            <\/div><!-- box-text -->\n           <\/div><!-- .box  -->\n           <\/a>\n           <\/div><!-- .col-inner -->\n           <\/div><!-- .col -->\n                    <div class=\"col\" data-id=\"He\u010dbek\" >\n          <div class=\"col-inner\" >\n          <a href=\"https:\/\/rentacarcube.com\/sr\/vehicles\/hecbek\/renault-megane\/\" class=\"plain cube-url 751 \">\n          <div class=\"portfolio-box box has-hover box-label\">\n            <div class=\"box-image\" >\n                <div class=\"image-overlay-add-50 image-zoom image-cover\" style=\"padding-top:100%;\">\n                <img loading=\"lazy\" decoding=\"async\" width=\"400\" height=\"400\" src=\"https:\/\/rentacarcube.com\/wp-content\/uploads\/2019\/06\/renault-megane-400x400.jpg\" class=\"attachment-medium size-medium\" alt=\"rent a car\" srcset=\"https:\/\/rentacarcube.com\/wp-content\/uploads\/2019\/06\/renault-megane-400x400.jpg 400w, https:\/\/rentacarcube.com\/wp-content\/uploads\/2019\/06\/renault-megane-280x280.jpg 280w, https:\/\/rentacarcube.com\/wp-content\/uploads\/2019\/06\/renault-megane-768x768.jpg 768w, https:\/\/rentacarcube.com\/wp-content\/uploads\/2019\/06\/renault-megane.jpg 800w\" sizes=\"auto, (max-width: 400px) 100vw, 400px\" title=\"\">                                                <\/div>\n            <\/div><!-- box-image -->\n            <div class=\"box-text text-center is-small\" >\n                  <div class=\"box-text-inner\">\n                      <h6 class=\"uppercase portfolio-box-title\">Renault Megane<\/h6>\n                                        <\/div><!-- box-text-inner -->\n            <\/div><!-- box-text -->\n           <\/div><!-- .box  -->\n           <\/a>\n           <\/div><!-- .col-inner -->\n           <\/div><!-- .col -->\n                    <div class=\"col\" data-id=\"He\u010dbek\" >\n          <div class=\"col-inner\" >\n          <a href=\"https:\/\/rentacarcube.com\/sr\/vehicles\/hecbek\/ford-focus\/\" class=\"plain cube-url 722 \">\n          <div class=\"portfolio-box box has-hover box-label\">\n            <div class=\"box-image\" >\n                <div class=\"image-overlay-add-50 image-zoom image-cover\" style=\"padding-top:100%;\">\n                <img loading=\"lazy\" decoding=\"async\" width=\"400\" height=\"400\" src=\"https:\/\/rentacarcube.com\/wp-content\/uploads\/2019\/06\/ford-focus-400x400.jpg\" class=\"attachment-medium size-medium\" alt=\"rent a car\" srcset=\"https:\/\/rentacarcube.com\/wp-content\/uploads\/2019\/06\/ford-focus-400x400.jpg 400w, https:\/\/rentacarcube.com\/wp-content\/uploads\/2019\/06\/ford-focus-280x280.jpg 280w, https:\/\/rentacarcube.com\/wp-content\/uploads\/2019\/06\/ford-focus-768x768.jpg 768w, https:\/\/rentacarcube.com\/wp-content\/uploads\/2019\/06\/ford-focus.jpg 800w\" sizes=\"auto, (max-width: 400px) 100vw, 400px\" title=\"\">                                                <\/div>\n            <\/div><!-- box-image -->\n            <div class=\"box-text text-center is-small\" >\n                  <div class=\"box-text-inner\">\n                      <h6 class=\"uppercase portfolio-box-title\">Ford Focus<\/h6>\n                                        <\/div><!-- box-text-inner -->\n            <\/div><!-- box-text -->\n           <\/div><!-- .box  -->\n           <\/a>\n           <\/div><!-- .col-inner -->\n           <\/div><!-- .col -->\n                    <div class=\"col\" data-id=\"He\u010dbek\" >\n          <div class=\"col-inner\" >\n          <a href=\"https:\/\/rentacarcube.com\/sr\/vehicles\/hecbek\/opel-astra-automatik\/\" class=\"plain cube-url 741 \">\n          <div class=\"portfolio-box box has-hover box-label\">\n            <div class=\"box-image\" >\n                <div class=\"image-overlay-add-50 image-zoom image-cover\" style=\"padding-top:100%;\">\n                <img loading=\"lazy\" decoding=\"async\" width=\"400\" height=\"400\" src=\"https:\/\/rentacarcube.com\/wp-content\/uploads\/2019\/06\/opel-astra-400x400.jpg\" class=\"attachment-medium size-medium\" alt=\"rent a car\" srcset=\"https:\/\/rentacarcube.com\/wp-content\/uploads\/2019\/06\/opel-astra-400x400.jpg 400w, https:\/\/rentacarcube.com\/wp-content\/uploads\/2019\/06\/opel-astra-280x280.jpg 280w, https:\/\/rentacarcube.com\/wp-content\/uploads\/2019\/06\/opel-astra-768x768.jpg 768w, https:\/\/rentacarcube.com\/wp-content\/uploads\/2019\/06\/opel-astra.jpg 800w\" sizes=\"auto, (max-width: 400px) 100vw, 400px\" title=\"\">                                                <\/div>\n            <\/div><!-- box-image -->\n            <div class=\"box-text text-center is-small\" >\n                  <div class=\"box-text-inner\">\n                      <h6 class=\"uppercase portfolio-box-title\">Opel Astra Automatik<\/h6>\n                                        <\/div><!-- box-text-inner -->\n            <\/div><!-- box-text -->\n           <\/div><!-- .box  -->\n           <\/a>\n           <\/div><!-- .col-inner -->\n           <\/div><!-- .col -->\n                    <div class=\"col\" data-id=\"He\u010dbek\" >\n          <div class=\"col-inner\" >\n          <a href=\"https:\/\/rentacarcube.com\/sr\/vehicles\/hecbek\/toyota-auris\/\" class=\"plain cube-url 776 \">\n          <div class=\"portfolio-box box has-hover box-label\">\n            <div class=\"box-image\" >\n                <div class=\"image-overlay-add-50 image-zoom image-cover\" style=\"padding-top:100%;\">\n                <img loading=\"lazy\" decoding=\"async\" width=\"400\" height=\"400\" src=\"https:\/\/rentacarcube.com\/wp-content\/uploads\/2019\/06\/toyota-auris-400x400.jpg\" class=\"attachment-medium size-medium\" alt=\"Toyota Auris\" srcset=\"https:\/\/rentacarcube.com\/wp-content\/uploads\/2019\/06\/toyota-auris-400x400.jpg 400w, https:\/\/rentacarcube.com\/wp-content\/uploads\/2019\/06\/toyota-auris-280x280.jpg 280w, https:\/\/rentacarcube.com\/wp-content\/uploads\/2019\/06\/toyota-auris-768x768.jpg 768w, https:\/\/rentacarcube.com\/wp-content\/uploads\/2019\/06\/toyota-auris.jpg 800w\" sizes=\"auto, (max-width: 400px) 100vw, 400px\" title=\"\">                                                <\/div>\n            <\/div><!-- box-image -->\n            <div class=\"box-text text-center is-small\" >\n                  <div class=\"box-text-inner\">\n                      <h6 class=\"uppercase portfolio-box-title\">Toyota Auris<\/h6>\n                                        <\/div><!-- box-text-inner -->\n            <\/div><!-- box-text -->\n           <\/div><!-- .box  -->\n           <\/a>\n           <\/div><!-- .col-inner -->\n           <\/div><!-- .col -->\n                    <div class=\"col\" data-id=\"He\u010dbek\" >\n          <div class=\"col-inner\" >\n          <a href=\"https:\/\/rentacarcube.com\/sr\/vehicles\/hecbek\/vw-golf-7\/\" class=\"plain cube-url 782 \">\n          <div class=\"portfolio-box box has-hover box-label\">\n            <div class=\"box-image\" >\n                <div class=\"image-overlay-add-50 image-zoom image-cover\" style=\"padding-top:100%;\">\n                <img loading=\"lazy\" decoding=\"async\" width=\"400\" height=\"400\" src=\"https:\/\/rentacarcube.com\/wp-content\/uploads\/2019\/06\/vw-golf-7-400x400.jpg\" class=\"attachment-medium size-medium\" alt=\"VW Golf 7\" srcset=\"https:\/\/rentacarcube.com\/wp-content\/uploads\/2019\/06\/vw-golf-7-400x400.jpg 400w, https:\/\/rentacarcube.com\/wp-content\/uploads\/2019\/06\/vw-golf-7-280x280.jpg 280w, https:\/\/rentacarcube.com\/wp-content\/uploads\/2019\/06\/vw-golf-7-768x768.jpg 768w, https:\/\/rentacarcube.com\/wp-content\/uploads\/2019\/06\/vw-golf-7.jpg 800w\" sizes=\"auto, (max-width: 400px) 100vw, 400px\" title=\"\">                                                <\/div>\n            <\/div><!-- box-image -->\n            <div class=\"box-text text-center is-small\" >\n                  <div class=\"box-text-inner\">\n                      <h6 class=\"uppercase portfolio-box-title\">VW Golf 7<\/h6>\n                                        <\/div><!-- box-text-inner -->\n            <\/div><!-- box-text -->\n           <\/div><!-- .box  -->\n           <\/a>\n           <\/div><!-- .col-inner -->\n           <\/div><!-- .col -->\n                    <div class=\"col\" data-id=\"Limuzina\" >\n          <div class=\"col-inner\" >\n          <a href=\"https:\/\/rentacarcube.com\/sr\/vehicles\/limuzina\/fiat-tipo\/\" class=\"plain cube-url 720 \">\n          <div class=\"portfolio-box box has-hover box-label\">\n            <div class=\"box-image\" >\n                <div class=\"image-overlay-add-50 image-zoom image-cover\" style=\"padding-top:100%;\">\n                <img loading=\"lazy\" decoding=\"async\" width=\"400\" height=\"400\" src=\"https:\/\/rentacarcube.com\/wp-content\/uploads\/2019\/06\/fiat-tipo-400x400.jpg\" class=\"attachment-medium size-medium\" alt=\"rent a car\" srcset=\"https:\/\/rentacarcube.com\/wp-content\/uploads\/2019\/06\/fiat-tipo-400x400.jpg 400w, https:\/\/rentacarcube.com\/wp-content\/uploads\/2019\/06\/fiat-tipo-280x280.jpg 280w, https:\/\/rentacarcube.com\/wp-content\/uploads\/2019\/06\/fiat-tipo-768x768.jpg 768w, https:\/\/rentacarcube.com\/wp-content\/uploads\/2019\/06\/fiat-tipo.jpg 800w\" sizes=\"auto, (max-width: 400px) 100vw, 400px\" title=\"\">                                                <\/div>\n            <\/div><!-- box-image -->\n            <div class=\"box-text text-center is-small\" >\n                  <div class=\"box-text-inner\">\n                      <h6 class=\"uppercase portfolio-box-title\">Fiat Tipo<\/h6>\n                                        <\/div><!-- box-text-inner -->\n            <\/div><!-- box-text -->\n           <\/div><!-- .box  -->\n           <\/a>\n           <\/div><!-- .col-inner -->\n           <\/div><!-- .col -->\n                    <div class=\"col\" data-id=\"Limuzina\" >\n          <div class=\"col-inner\" >\n          <a href=\"https:\/\/rentacarcube.com\/sr\/vehicles\/limuzina\/skoda-rapid-automatik\/\" class=\"plain cube-url 767 \">\n          <div class=\"portfolio-box box has-hover box-label\">\n            <div class=\"box-image\" >\n                <div class=\"image-overlay-add-50 image-zoom image-cover\" style=\"padding-top:100%;\">\n                <img loading=\"lazy\" decoding=\"async\" width=\"400\" height=\"400\" src=\"https:\/\/rentacarcube.com\/wp-content\/uploads\/2019\/06\/skoda-rapid-400x400.jpg\" class=\"attachment-medium size-medium\" alt=\"rent a car\" srcset=\"https:\/\/rentacarcube.com\/wp-content\/uploads\/2019\/06\/skoda-rapid-400x400.jpg 400w, https:\/\/rentacarcube.com\/wp-content\/uploads\/2019\/06\/skoda-rapid-280x280.jpg 280w, https:\/\/rentacarcube.com\/wp-content\/uploads\/2019\/06\/skoda-rapid-768x768.jpg 768w, https:\/\/rentacarcube.com\/wp-content\/uploads\/2019\/06\/skoda-rapid.jpg 800w\" sizes=\"auto, (max-width: 400px) 100vw, 400px\" title=\"\">                                                <\/div>\n            <\/div><!-- box-image -->\n            <div class=\"box-text text-center is-small\" >\n                  <div class=\"box-text-inner\">\n                      <h6 class=\"uppercase portfolio-box-title\">\u0160koda Rapid Automatik<\/h6>\n                                        <\/div><!-- box-text-inner -->\n            <\/div><!-- box-text -->\n           <\/div><!-- .box  -->\n           <\/a>\n           <\/div><!-- .col-inner -->\n           <\/div><!-- .col -->\n                    <div class=\"col\" data-id=\"Limuzina\" >\n          <div class=\"col-inner\" >\n          <a href=\"https:\/\/rentacarcube.com\/sr\/vehicles\/limuzina\/opel-insignia\/\" class=\"plain cube-url 744 \">\n          <div class=\"portfolio-box box has-hover box-label\">\n            <div class=\"box-image\" >\n                <div class=\"image-overlay-add-50 image-zoom image-cover\" style=\"padding-top:100%;\">\n                <img loading=\"lazy\" decoding=\"async\" width=\"400\" height=\"400\" src=\"https:\/\/rentacarcube.com\/wp-content\/uploads\/2019\/06\/opel-insignia-400x400.jpg\" class=\"attachment-medium size-medium\" alt=\"rent a car\" srcset=\"https:\/\/rentacarcube.com\/wp-content\/uploads\/2019\/06\/opel-insignia-400x400.jpg 400w, https:\/\/rentacarcube.com\/wp-content\/uploads\/2019\/06\/opel-insignia-280x280.jpg 280w, https:\/\/rentacarcube.com\/wp-content\/uploads\/2019\/06\/opel-insignia-768x768.jpg 768w, https:\/\/rentacarcube.com\/wp-content\/uploads\/2019\/06\/opel-insignia.jpg 800w\" sizes=\"auto, (max-width: 400px) 100vw, 400px\" title=\"\">                                                <\/div>\n            <\/div><!-- box-image -->\n            <div class=\"box-text text-center is-small\" >\n                  <div class=\"box-text-inner\">\n                      <h6 class=\"uppercase portfolio-box-title\">Opel Insignia<\/h6>\n                                        <\/div><!-- box-text-inner -->\n            <\/div><!-- box-text -->\n           <\/div><!-- .box  -->\n           <\/a>\n           <\/div><!-- .col-inner -->\n           <\/div><!-- .col -->\n                    <div class=\"col\" data-id=\"Limuzina\" >\n          <div class=\"col-inner\" >\n          <a href=\"https:\/\/rentacarcube.com\/sr\/vehicles\/limuzina\/skoda-octavia\/\" class=\"plain cube-url 764 \">\n          <div class=\"portfolio-box box has-hover box-label\">\n            <div class=\"box-image\" >\n                <div class=\"image-overlay-add-50 image-zoom image-cover\" style=\"padding-top:100%;\">\n                <img loading=\"lazy\" decoding=\"async\" width=\"400\" height=\"400\" src=\"https:\/\/rentacarcube.com\/wp-content\/uploads\/2019\/06\/skoda-octavia-400x400.jpg\" class=\"attachment-medium size-medium\" alt=\"rent a car\" srcset=\"https:\/\/rentacarcube.com\/wp-content\/uploads\/2019\/06\/skoda-octavia-400x400.jpg 400w, https:\/\/rentacarcube.com\/wp-content\/uploads\/2019\/06\/skoda-octavia-280x280.jpg 280w, https:\/\/rentacarcube.com\/wp-content\/uploads\/2019\/06\/skoda-octavia-768x768.jpg 768w, https:\/\/rentacarcube.com\/wp-content\/uploads\/2019\/06\/skoda-octavia.jpg 800w\" sizes=\"auto, (max-width: 400px) 100vw, 400px\" title=\"\">                                                <\/div>\n            <\/div><!-- box-image -->\n            <div class=\"box-text text-center is-small\" >\n                  <div class=\"box-text-inner\">\n                      <h6 class=\"uppercase portfolio-box-title\">\u0160koda Octavia<\/h6>\n                                        <\/div><!-- box-text-inner -->\n            <\/div><!-- box-text -->\n           <\/div><!-- .box  -->\n           <\/a>\n           <\/div><!-- .col-inner -->\n           <\/div><!-- .col -->\n                    <div class=\"col\" data-id=\"He\u010dbek\" >\n          <div class=\"col-inner\" >\n          <a href=\"https:\/\/rentacarcube.com\/sr\/vehicles\/hecbek\/skoda-rapid-spaceback\/\" class=\"plain cube-url 770 \">\n          <div class=\"portfolio-box box has-hover box-label\">\n            <div class=\"box-image\" >\n                <div class=\"image-overlay-add-50 image-zoom image-cover\" style=\"padding-top:100%;\">\n                <img loading=\"lazy\" decoding=\"async\" width=\"400\" height=\"400\" src=\"https:\/\/rentacarcube.com\/wp-content\/uploads\/2019\/06\/skoda-rapid-spaceback-400x400.jpg\" class=\"attachment-medium size-medium\" alt=\"rent a car\" srcset=\"https:\/\/rentacarcube.com\/wp-content\/uploads\/2019\/06\/skoda-rapid-spaceback-400x400.jpg 400w, https:\/\/rentacarcube.com\/wp-content\/uploads\/2019\/06\/skoda-rapid-spaceback-280x280.jpg 280w, https:\/\/rentacarcube.com\/wp-content\/uploads\/2019\/06\/skoda-rapid-spaceback-768x768.jpg 768w, https:\/\/rentacarcube.com\/wp-content\/uploads\/2019\/06\/skoda-rapid-spaceback.jpg 800w\" sizes=\"auto, (max-width: 400px) 100vw, 400px\" title=\"\">                                                <\/div>\n            <\/div><!-- box-image -->\n            <div class=\"box-text text-center is-small\" >\n                  <div class=\"box-text-inner\">\n                      <h6 class=\"uppercase portfolio-box-title\">\u0160koda Rapid Spaceback<\/h6>\n                                        <\/div><!-- box-text-inner -->\n            <\/div><!-- box-text -->\n           <\/div><!-- .box  -->\n           <\/a>\n           <\/div><!-- .col-inner -->\n           <\/div><!-- .col -->\n                    <div class=\"col\" data-id=\"Limuzina\" >\n          <div class=\"col-inner\" >\n          <a href=\"https:\/\/rentacarcube.com\/sr\/vehicles\/limuzina\/mercedes-e-class-212-automatik\/\" class=\"plain cube-url 732 \">\n          <div class=\"portfolio-box box has-hover box-label\">\n            <div class=\"box-image\" >\n                <div class=\"image-overlay-add-50 image-zoom image-cover\" style=\"padding-top:100%;\">\n                <img loading=\"lazy\" decoding=\"async\" width=\"400\" height=\"400\" src=\"https:\/\/rentacarcube.com\/wp-content\/uploads\/2019\/06\/mercedes-e-class-old-400x400.jpg\" class=\"attachment-medium size-medium\" alt=\"rent a car\" srcset=\"https:\/\/rentacarcube.com\/wp-content\/uploads\/2019\/06\/mercedes-e-class-old-400x400.jpg 400w, https:\/\/rentacarcube.com\/wp-content\/uploads\/2019\/06\/mercedes-e-class-old-280x280.jpg 280w, https:\/\/rentacarcube.com\/wp-content\/uploads\/2019\/06\/mercedes-e-class-old-768x768.jpg 768w, https:\/\/rentacarcube.com\/wp-content\/uploads\/2019\/06\/mercedes-e-class-old.jpg 800w\" sizes=\"auto, (max-width: 400px) 100vw, 400px\" title=\"\">                                                <\/div>\n            <\/div><!-- box-image -->\n            <div class=\"box-text text-center is-small\" >\n                  <div class=\"box-text-inner\">\n                      <h6 class=\"uppercase portfolio-box-title\">Mercedes E Class 212 Automatik<\/h6>\n                                        <\/div><!-- box-text-inner -->\n            <\/div><!-- box-text -->\n           <\/div><!-- .box  -->\n           <\/a>\n           <\/div><!-- .col-inner -->\n           <\/div><!-- .col -->\n                    <div class=\"col\" data-id=\"Limuzina\" >\n          <div class=\"col-inner\" >\n          <a href=\"https:\/\/rentacarcube.com\/sr\/vehicles\/limuzina\/mercedes-e-class-213-automatik\/\" class=\"plain cube-url 735 \">\n          <div class=\"portfolio-box box has-hover box-label\">\n            <div class=\"box-image\" >\n                <div class=\"image-overlay-add-50 image-zoom image-cover\" style=\"padding-top:100%;\">\n                <img loading=\"lazy\" decoding=\"async\" width=\"400\" height=\"400\" src=\"https:\/\/rentacarcube.com\/wp-content\/uploads\/2019\/06\/mercedes-e-class-213-400x400.jpg\" class=\"attachment-medium size-medium\" alt=\"rent a car\" srcset=\"https:\/\/rentacarcube.com\/wp-content\/uploads\/2019\/06\/mercedes-e-class-213-400x400.jpg 400w, https:\/\/rentacarcube.com\/wp-content\/uploads\/2019\/06\/mercedes-e-class-213-280x280.jpg 280w, https:\/\/rentacarcube.com\/wp-content\/uploads\/2019\/06\/mercedes-e-class-213-768x768.jpg 768w, https:\/\/rentacarcube.com\/wp-content\/uploads\/2019\/06\/mercedes-e-class-213.jpg 800w\" sizes=\"auto, (max-width: 400px) 100vw, 400px\" title=\"\">                                                <\/div>\n            <\/div><!-- box-image -->\n            <div class=\"box-text text-center is-small\" >\n                  <div class=\"box-text-inner\">\n                      <h6 class=\"uppercase portfolio-box-title\">Mercedes E Class 213 Automatik<\/h6>\n                                        <\/div><!-- box-text-inner -->\n            <\/div><!-- box-text -->\n           <\/div><!-- .box  -->\n           <\/a>\n           <\/div><!-- .col-inner -->\n           <\/div><!-- .col -->\n                    <div class=\"col\" data-id=\"Limuzina\" >\n          <div class=\"col-inner\" >\n          <a href=\"https:\/\/rentacarcube.com\/sr\/vehicles\/limuzina\/audi-a6\/\" class=\"plain cube-url 701 \">\n          <div class=\"portfolio-box box has-hover box-label\">\n            <div class=\"box-image\" >\n                <div class=\"image-overlay-add-50 image-zoom image-cover\" style=\"padding-top:100%;\">\n                <img loading=\"lazy\" decoding=\"async\" width=\"400\" height=\"400\" src=\"https:\/\/rentacarcube.com\/wp-content\/uploads\/2019\/06\/audi-a6-400x400.jpg\" class=\"attachment-medium size-medium\" alt=\"rent a car\" srcset=\"https:\/\/rentacarcube.com\/wp-content\/uploads\/2019\/06\/audi-a6-400x400.jpg 400w, https:\/\/rentacarcube.com\/wp-content\/uploads\/2019\/06\/audi-a6-280x280.jpg 280w, https:\/\/rentacarcube.com\/wp-content\/uploads\/2019\/06\/audi-a6-768x768.jpg 768w, https:\/\/rentacarcube.com\/wp-content\/uploads\/2019\/06\/audi-a6.jpg 800w\" sizes=\"auto, (max-width: 400px) 100vw, 400px\" title=\"\">                                                <\/div>\n            <\/div><!-- box-image -->\n            <div class=\"box-text text-center is-small\" >\n                  <div class=\"box-text-inner\">\n                      <h6 class=\"uppercase portfolio-box-title\">Audi A6<\/h6>\n                                        <\/div><!-- box-text-inner -->\n            <\/div><!-- box-text -->\n           <\/div><!-- .box  -->\n           <\/a>\n           <\/div><!-- .col-inner -->\n           <\/div><!-- .col -->\n                    <div class=\"col\" data-id=\"Limuzina\" >\n          <div class=\"col-inner\" >\n          <a href=\"https:\/\/rentacarcube.com\/sr\/vehicles\/limuzina\/bmw-5\/\" class=\"plain cube-url 709 \">\n          <div class=\"portfolio-box box has-hover box-label\">\n            <div class=\"box-image\" >\n                <div class=\"image-overlay-add-50 image-zoom image-cover\" style=\"padding-top:100%;\">\n                <img loading=\"lazy\" decoding=\"async\" width=\"400\" height=\"400\" src=\"https:\/\/rentacarcube.com\/wp-content\/uploads\/2019\/06\/bmw-5-400x400.jpg\" class=\"attachment-medium size-medium\" alt=\"rent a car\" srcset=\"https:\/\/rentacarcube.com\/wp-content\/uploads\/2019\/06\/bmw-5-400x400.jpg 400w, https:\/\/rentacarcube.com\/wp-content\/uploads\/2019\/06\/bmw-5-280x280.jpg 280w, https:\/\/rentacarcube.com\/wp-content\/uploads\/2019\/06\/bmw-5-768x768.jpg 768w, https:\/\/rentacarcube.com\/wp-content\/uploads\/2019\/06\/bmw-5.jpg 800w\" sizes=\"auto, (max-width: 400px) 100vw, 400px\" title=\"\">                                                <\/div>\n            <\/div><!-- box-image -->\n            <div class=\"box-text text-center is-small\" >\n                  <div class=\"box-text-inner\">\n                      <h6 class=\"uppercase portfolio-box-title\">BMW 5<\/h6>\n                                        <\/div><!-- box-text-inner -->\n            <\/div><!-- box-text -->\n           <\/div><!-- .box  -->\n           <\/a>\n           <\/div><!-- .col-inner -->\n           <\/div><!-- .col -->\n                    <div class=\"col\" data-id=\"Krosover\" >\n          <div class=\"col-inner\" >\n          <a href=\"https:\/\/rentacarcube.com\/sr\/vehicles\/krosover\/jeep-renegade\/\" class=\"plain cube-url 729 \">\n          <div class=\"portfolio-box box has-hover box-label\">\n            <div class=\"box-image\" >\n                <div class=\"image-overlay-add-50 image-zoom image-cover\" style=\"padding-top:100%;\">\n                <img loading=\"lazy\" decoding=\"async\" width=\"400\" height=\"400\" src=\"https:\/\/rentacarcube.com\/wp-content\/uploads\/2019\/06\/jeep-renegade-400x400.jpg\" class=\"attachment-medium size-medium\" alt=\"rent a car\" srcset=\"https:\/\/rentacarcube.com\/wp-content\/uploads\/2019\/06\/jeep-renegade-400x400.jpg 400w, https:\/\/rentacarcube.com\/wp-content\/uploads\/2019\/06\/jeep-renegade-280x280.jpg 280w, https:\/\/rentacarcube.com\/wp-content\/uploads\/2019\/06\/jeep-renegade-768x768.jpg 768w, https:\/\/rentacarcube.com\/wp-content\/uploads\/2019\/06\/jeep-renegade.jpg 800w\" sizes=\"auto, (max-width: 400px) 100vw, 400px\" title=\"\">                                                <\/div>\n            <\/div><!-- box-image -->\n            <div class=\"box-text text-center is-small\" >\n                  <div class=\"box-text-inner\">\n                      <h6 class=\"uppercase portfolio-box-title\">Jeep Renegade<\/h6>\n                                        <\/div><!-- box-text-inner -->\n            <\/div><!-- box-text -->\n           <\/div><!-- .box  -->\n           <\/a>\n           <\/div><!-- .col-inner -->\n           <\/div><!-- .col -->\n                    <div class=\"col\" data-id=\"Kombi\" >\n          <div class=\"col-inner\" >\n          <a href=\"https:\/\/rentacarcube.com\/sr\/vehicles\/kombi\/mercedes-vito\/\" class=\"plain cube-url 738 \">\n          <div class=\"portfolio-box box has-hover box-label\">\n            <div class=\"box-image\" >\n                <div class=\"image-overlay-add-50 image-zoom image-cover\" style=\"padding-top:100%;\">\n                <img loading=\"lazy\" decoding=\"async\" width=\"400\" height=\"400\" src=\"https:\/\/rentacarcube.com\/wp-content\/uploads\/2019\/06\/mercedes-vito-400x400.jpg\" class=\"attachment-medium size-medium\" alt=\"rent a car\" srcset=\"https:\/\/rentacarcube.com\/wp-content\/uploads\/2019\/06\/mercedes-vito-400x400.jpg 400w, https:\/\/rentacarcube.com\/wp-content\/uploads\/2019\/06\/mercedes-vito-280x280.jpg 280w, https:\/\/rentacarcube.com\/wp-content\/uploads\/2019\/06\/mercedes-vito-768x768.jpg 768w, https:\/\/rentacarcube.com\/wp-content\/uploads\/2019\/06\/mercedes-vito.jpg 800w\" sizes=\"auto, (max-width: 400px) 100vw, 400px\" title=\"\">                                                <\/div>\n            <\/div><!-- box-image -->\n            <div class=\"box-text text-center is-small\" >\n                  <div class=\"box-text-inner\">\n                      <h6 class=\"uppercase portfolio-box-title\">Mercedes Vito<\/h6>\n                                        <\/div><!-- box-text-inner -->\n            <\/div><!-- box-text -->\n           <\/div><!-- .box  -->\n           <\/a>\n           <\/div><!-- .col-inner -->\n           <\/div><!-- .col -->\n          <\/div><\/div>\n<style scope=\"scope\">\n\n<\/style>\n\n\n<div class=\"row\"  id=\"row-497805622\">\n\n<div class=\"col small-12 large-12\"  ><div class=\"col-inner\"  >\n\n<div class=\"text-center\"><div class=\"is-divider divider clearfix\" style=\"max-width:60px;\"><\/div><\/div><!-- .divider -->\n\n<p><strong>Rent a car Beograd<\/strong> CUBE nudi automobile po <strong>najpovoljnijim<\/strong> uslovima u Beogradu, <strong>bez depozita<\/strong> uz odgovaraju\u0107i kasko paket. Vr\u0161imo dostavu iznajmljenog vozila na sve lokacije u Beogradu potpuno besplatno, uklju\u010duju\u0107i i <strong>rent a car Aerodrom Beograd<\/strong>. Na\u0161a agencija <span style=\"font-size: 14.4px;\">pru\u017ea <\/span><strong style=\"font-size: 14.4px;\">besplatnu dostavu<\/strong><span style=\"font-size: 14.4px;\"> najjeftinijeg <\/span><strong style=\"font-size: 14.4px;\">rent a car u Beogradu bez depozita 00-24.<\/strong><\/p>\n<p>U na\u0161oj ponudi imamo i <strong>Rent a car luksuzna vozila<\/strong>, sa uklju\u010denim profesionalnim voza\u010dem ili bez njega, kao i transferi, uklju\u010duju\u0107i i <strong>transfer aerodrom Nikola Tesla Beograd.<\/strong><\/p>\n<p>Najbolje ponude rent a car u Beogradu, stabilnost cena, posebne ponude prilago\u0111ene va\u0161im potrebama, najnoviji modeli automobila, veliki izbor dizel i automatskih vozila, sva vozila su minimalne starosti, rent a car Beograd Cube je va\u0161 pouzdan partner u svakom trenutku. Ukoliko vam je potreban rent&nbsp; car za dnevni najam u zemlji ili inostranstvu, privremeno re\u0161enje za nekoliko meseci ili najam na du\u017ei period, Rent a car Beograd Cube je va\u0161 pouzdani partner. Sa na\u0161im voznim parkom rent a car vozila, od najmanjih gradskih i komercijalnih vozila, do poslovnih limuzina i d\u017eipova, Rent a car Beograd je tu da vam ponudi najbolje re\u0161enje. Radi va\u0161eg mira, sva na\u0161a vozila su bezbedno proverena i o\u010di\u0161\u0107ena pre svakog iznajmljivanja. Imaju\u0107i u vidu da konstantno obnavljamo svoj vozni park, u ponudi za rent a car su nam neke od najnovijih modela automobila po najboljim cenama.<\/p>\n<p>Najpovoljniji period za rent a car u Beogradu je mesec novembar. Cena tokom pomenutog perioda je ni\u017ea i do 47 procenata u odnosu na ostatak godine. podrazumeva se da je najskuplji mesec za rent a car jul. Ukoliko imate potrebu za odre\u0111enom vrstom vozila, treba uzeti u obzir iznajmljivanje vozila u novembru. Cena rent a car u Beogradu mo\u017ee da se razlikuje u zavisnosti od nekoliko faktora, koja izme\u0111u ostalog podrazumeva samu ponudu vozila, potra\u017enju, popularnost odre\u0111enog vozila i koliko ranije rezervi\u0161ete \u017eeljeno vozilo.<\/p>\n<p style=\"box-sizing: border-box; margin-bottom: 1.3em; margin-top: 0px; color: #777777; font-family: Lato, sans-serif; font-size: medium;\">Mali automobili se u rent a car industriji kategori\u0161u kao ekonomi\u010dni automobili, kompaktni i intermedijski. Kod nas u rent a car Beograd Cube mo\u017eete iznajmiti ekonomi\u010dno vozilo po izuzetno povoljnim cenama.<\/p>\n<p class=\"MsoNormal\" style=\"box-sizing: border-box; margin-bottom: 1.3em; margin-top: 0px; color: #777777; font-family: Lato, sans-serif; font-size: medium;\">Ukoliko se opredelite za rent a car u Beogradu, imajte nam umu da je trenutno ograni\u010denje brzine u gradu limitirano na 50 kilometara na \u010das, osim ako nije druga\u010dije nazna\u010deno. Dok je u prigradskim emstima brzina ograni\u010dena na 80 kilometara na \u010das. Tako\u0111e, ukoliko nameravate da putujete i koristitte auto puteve u Beogradu, imajte na umu da je ograni\u010denje brzine 130 kilometara na \u010das.<\/p>\n<p>Ako niste sigurni koji automobil \u017eelite da rentirate u Beogradu ili ne niste u potpunosti upozbati sa na\u010dinom funkcionisanja rent a car, uvek se mo\u017eete obratiti na\u0161em call centru putem telefona ili poslati va\u0161 upit na na\u0161u mejl adresu.<\/p>\n<p class=\"MsoNormal\" style=\"box-sizing: border-box; margin-bottom: 1.3em; margin-top: 0px; color: #777777; font-family: Lato, sans-serif; font-size: medium; line-height: 19.2pt;\">&nbsp;<\/p>\n\n<\/div><\/div>\n\n<\/div>\n","protected":false},"excerpt":{"rendered":"","protected":false},"author":1,"featured_media":0,"parent":0,"menu_order":19,"comment_status":"closed","ping_status":"closed","template":"page-blank.php","meta":{"footnotes":""},"class_list":["post-697","page","type-page","status-publish","hentry"],"_links":{"self":[{"href":"https:\/\/rentacarcube.com\/sr\/wp-json\/wp\/v2\/pages\/697","targetHints":{"allow":["GET"]}}],"collection":[{"href":"https:\/\/rentacarcube.com\/sr\/wp-json\/wp\/v2\/pages"}],"about":[{"href":"https:\/\/rentacarcube.com\/sr\/wp-json\/wp\/v2\/types\/page"}],"author":[{"embeddable":true,"href":"https:\/\/rentacarcube.com\/sr\/wp-json\/wp\/v2\/users\/1"}],"replies":[{"embeddable":true,"href":"https:\/\/rentacarcube.com\/sr\/wp-json\/wp\/v2\/comments?post=697"}],"version-history":[{"count":0,"href":"https:\/\/rentacarcube.com\/sr\/wp-json\/wp\/v2\/pages\/697\/revisions"}],"wp:attachment":[{"href":"https:\/\/rentacarcube.com\/sr\/wp-json\/wp\/v2\/media?parent=697"}],"curies":[{"name":"wp","href":"https:\/\/api.w.org\/{rel}","templated":true}]}}